{"id":49284,"date":"2025-04-21T14:24:06","date_gmt":"2025-04-21T18:24:06","guid":{"rendered":"https:\/\/www.wes.org\/recherches-et-rapports\/"},"modified":"2025-06-02T16:10:54","modified_gmt":"2025-06-02T20:10:54","slug":"recherches-et-rapports","status":"publish","type":"page","link":"https:\/\/www.wes.org\/fr\/bibliotheque-de-ressources\/recherches-et-rapports\/","title":{"rendered":"Recherches <span>et rapports<\/span>"},"content":{"rendered":"\n\n\n\n<section  class=\"sw-block relative px-8\n            bg-white\n    \n        \">\n\n    <div class=\"absolute top-0 left-0 w-full h-full *:object-cover *:h-full *:w-full *:relative\">\n            <\/div>\n    \n    <h1 class=\"text-center py-20 relative text-[68px] leading-[72px]\">\n        Recherches et rapports    <\/h1>\n\n    <\/section>\n\n\n\n\n\n<div  class=\"sw-block\">\n\n    <div class=\"mb-9 md:mb-12 max-w-[862px]\" id=\"block_d19855b937d41f68e4ec57b34ff6501e\">\n        \n                    <p class=\" text-black font-serif text-base md:text-xl md:leading-[26px]\">WES m\u00e8ne des recherches originales sur les tendances en mati\u00e8re de mobilit\u00e9 des \u00e9tudiants et des immigrants, d&rsquo;inclusion \u00e9conomique et sur les facteurs qui influencent la capacit\u00e9 des immigrants et des r\u00e9fugi\u00e9s \u00e0 s&rsquo;int\u00e9grer avec succ\u00e8s au march\u00e9 du travail. Nous publions \u00e9galement r\u00e9guli\u00e8rement des rapports, des livres blancs, des fiches d&rsquo;information et des recommandations politiques fond\u00e9s sur des d\u00e9cennies de connaissances et d&rsquo;exp\u00e9rience.<\/p>\n        \n    <\/div>\n\n\n    <form action=\"#block_d19855b937d41f68e4ec57b34ff6501e\" method=\"GET\" class=\"mb-9 md:mb-14\">\n\n        <div class=\"flex flex-col md:flex-row justify-between\">\n            <div class=\"*:w-full md:*:min-w-[300px] mb-4 md:mb-0\">\n\n                \n<div class=\"relative md:h-10\">\n    <div x-data=\"toggler\" class=\"z-40 relative border bg-white  border-black  max-w-[300px] overflow-hidden text-sm leading-none font-medium\" x-bind:class=\"!open ? 'rounded-full' : 'rounded-[20px]'\">\n\n        <!-- Open tag list button -->\n        <button class=\"relative w-full bg-transparent hover:bg-transparent flex items-center justify-between px-5 h-10 border-none\n                rounded-full\" type=\"button\" x-on:click=\"toggle\">\n\n            <span class=\"flex items-center\">\n                Pays de destination            <\/span>\n\n            <span class=\"flex items-center\">\n                \n                                    <span class=\"ml-2\">\n                    <svg\n                            class=\"transition-all  fill-black \"\n                            \n                                                            x-bind:class=\"open ? 'rotate-180' : ''\"\n                            \n                            width=\"10\" height=\"7\" viewBox=\"0 0 10 7\" xmlns=\"http:\/\/www.w3.org\/2000\/svg\"\n                        >\n\n                            <g id=\"Image\/NavArrow-Down\">\n                                <path id=\"Chevron\" fill-rule=\"evenodd\" clip-rule=\"evenodd\" d=\"M4.23935 6.64881C4.25433 6.66632 4.27001 6.68344 4.28639 6.70013C4.47931 6.89665 4.73346 6.99663 4.98867 6.99952C5.25328 7.00395 5.51914 6.90397 5.71917 6.70021C5.73585 6.68322 5.7518 6.66578 5.76702 6.64794L9.7061 2.78099C10.1002 2.39409 10.1061 1.76096 9.71917 1.36684C9.33227 0.972724 8.69913 0.966873 8.30502 1.35377L5.00274 4.59557L1.70054 1.35385C1.30643 0.96695 0.673288 0.972801 0.28639 1.36692C-0.100509 1.76103 -0.0946586 2.39417 0.299458 2.78107L4.23935 6.64881Z\" \/>\n                            <\/g>\n                        <\/svg>\n                    <\/span>\n                \n                            <\/span>\n\n        <\/button>\n\n        <!-- Teleport breaks out of the form so don't use -->\n        <!--  -->\n\n            <!-- Tag list or modal -->\n            <div x-cloak x-show=\"open\"\n\n                x-on:click.outside=\"open = false\"\n            \n                class=\"bg-white z-[999]\n                \n                                            m-4 mt-0 pt-5 border-t\n                    \n                                            border-black\n                                    \"\n\n                \n                            >\n\n                \n\n                <!-- List of tag checkboxes -->\n                <div x-data=\"toggler\"\n                    class=\"\">\n\n                    \n                    <!-- Show selected tags first -->\n                    \n                                            \n                    <!-- Checked items border -->\n                                    \n                    <!-- Show first ten tags -->\n                    \n                                                    <span class=\"block mb-5 last-of-type:mb-0\">\n\n                                <label>\n                                    <input class=\"opacity-0 absolute cursor-pointer h-0 w-0 peer\" type=\"checkbox\" name=\"countryblock_d19855b937d41f68e4ec57b34ff6501e[]\" value=\"1820\" >\n\n                                    <span class=\"inline-block mr-2 w-3 h-3 cursor-pointer bg-white  border-black peer-checked:bg-black  border rounded-full peer-focus-visible:outline-black peer-focus-visible:outline\"><\/span>\n\n                                    United States                                <\/label>\n                            <\/span>\n                                            \n                    <!-- List rest of the tags and a button to reveal them -->\n\n                    \n                    \n                    <div class=\"mt-5\" x-show=\"open\"\n                        x-bind:aria-expanded=\"!open ? 'false' : 'true'\"\n                    >\n\n                            \n                                                                        <\/div>\n\n                    <!-- Reset button -->\n                    <a class=\"inline-block mt-5 text-dark-green hover:border-dark-green hover:bg-dark-green hover:text-white focus:border-dark-green focus:bg-dark-green focus:text-white bg-white border-dark-green rounded-full border-2 px-4 py-2 font-sans font-semibold\"\n                        href=\"\/fr\/wp-json\/wp\/v2\/pages\/49284#block_d19855b937d41f68e4ec57b34ff6501e\">\n                        Tout effacer                    <\/a>\n\n                    <!-- Submit button -->\n                    <button class=\"inline-block ml-5 text-black bg-wes-green rounded-full border-2 border-wes-green hover:border-dark-green hover:bg-dark-green hover:text-white focus:border-dark-green focus:bg-dark-green focus:text-white px-4 py-2 font-sans font-semibold\"\n                        type=\"submit\">\n                        Afficher les r\u00e9sultats                    <\/button>\n\n                <\/div>\n            <\/div>\n        <!--  -->\n\n    <\/div>\n<\/div>            <\/div>\n\n            <div class=\"flex flex-col md:flex-row md:items-baseline\">\n                            <\/div>\n        <\/div>\n    <\/form>\n\n\n    \n\n\n\n    <div class=\"not-prose grid sm:grid-cols-2 md:grid-cols-3 gap-[20px] sm:gap-[24px]  max-w-[268px] sm:max-w-[1144px] mx-auto\">\n\n    \n                    <article class=\"post-card group relative bg-white flex flex-col rounded-[20px] overflow-hidden transition-all duration-300\"\n            role=\"link\"\n            tabindex=\"0\"\n            onclick=\"window.location='https:\/\/knowledge.wes.org\/canada-rapport-organiser-un-evenement-de-recrutement-de-refugies.html'\"\n            onkeydown=\"if (event.key === 'Enter' || event.key === ' ') { event.preventDefault(); window.location='https:\/\/knowledge.wes.org\/canada-rapport-organiser-un-evenement-de-recrutement-de-refugies.html'; }\"\n        >\n            \n                            <a class=\"block relative\"  tabindex=\"-1\" href=\"https:\/\/knowledge.wes.org\/canada-rapport-organiser-un-evenement-de-recrutement-de-refugies.html\" title=\"Organiser un \u00e9v\u00e9nement d\u2019embauche de r\u00e9fugi\u00e9s : Guide pour la coordination d\u2019une r\u00e9ponse collaborative \u00e0 un imp\u00e9ratif d\u2019emploi\">\n                    <span class=\"block aspect-[1.87\/1] *:object-cover *:w-full *:h-full *:bg-medium-gray\">\n                        <img loading=\"lazy\" decoding=\"async\" width=\"1024\" height=\"279\" src=\"https:\/\/www.wes.org\/wp-content\/uploads\/2025\/06\/wes-canada-report-banner-hosting-refugee-hiring-event-istock-1331285150-1024x279.jpg\" class=\"attachment-large size-large wp-post-image\" alt=\"Young man smiles outdoors\" srcset=\"https:\/\/www.wes.org\/wp-content\/uploads\/2025\/06\/wes-canada-report-banner-hosting-refugee-hiring-event-istock-1331285150-1024x279.jpg 1024w, https:\/\/www.wes.org\/wp-content\/uploads\/2025\/06\/wes-canada-report-banner-hosting-refugee-hiring-event-istock-1331285150-300x82.jpg 300w, https:\/\/www.wes.org\/wp-content\/uploads\/2025\/06\/wes-canada-report-banner-hosting-refugee-hiring-event-istock-1331285150-768x209.jpg 768w, https:\/\/www.wes.org\/wp-content\/uploads\/2025\/06\/wes-canada-report-banner-hosting-refugee-hiring-event-istock-1331285150.jpg 1360w\" sizes=\"auto, (max-width: 1024px) 100vw, 1024px\" \/>                    <\/span>\n\n                                            <div class=\"absolute top-0 left-0 h-full w-full bg-transparent transition-all duration-500\"><\/div>\n                                    <\/a>\n            \n            <div class=\"pt-[12px] px-6 pb-6 relative flex flex-col grow bg-transparent transition-all duration-500\">\n                \n                                   <span class=\"tbi-block block text-[11px] leading-4 font-sans capitalize font-semibold text-gray *:hover:text-wes-green *:transition-all\">\n                    <a tabindex=\"-1\" href=\"https:\/\/www.wes.org\/fr\/resource-library\/blog\/resource_category\/guide-electronique-fr\/\">Guide \u00c9lectronique<\/a>                <\/span>\n                \n                <h2 class=\"card-b2 mt-1 mb-4 text-lg md:text-xl text-black font-sans font-normal\">\n\n                    <a \n                        class=\"\n                            text-black line-clamp-4\n                            \n                            hover:text-wes-green focus:text-wes-green transition-all duration-500\n                        \"\n                        tabindex=\"-1\"\n                    \n                        title=\"Organiser un \u00e9v\u00e9nement d\u2019embauche de r\u00e9fugi\u00e9s : Guide pour la coordination d\u2019une r\u00e9ponse collaborative \u00e0 un imp\u00e9ratif d\u2019emploi\"\n                        \n                        href=\"https:\/\/knowledge.wes.org\/canada-rapport-organiser-un-evenement-de-recrutement-de-refugies.html\"\n                    >\n                        Organiser un \u00e9v\u00e9nement d\u2019embauche de r\u00e9fugi\u00e9s : Guide pour la coordination d\u2019une r\u00e9ponse collaborative \u00e0 un imp\u00e9ratif d\u2019emploi                    <\/a>\n                <\/h2>\n\n                \n                \n                     <p class=\"text-[11px] text-black font-sans\">\n                        <time>juin 3, 2025<\/time>\n\n                                            <\/p>\n\n                \n                                    <!-- <p class=\"absolute top-full left-0 m-6 line-clamp-4 text-black text-sm md:text-base font-sans leading-[23px] font-normal\">\n                        \n                        Ce guide propose un cadre de r\u00e9f\u00e9rence aux communaut\u00e9s \u00e0 travers le Canada pour organiser des \u00e9v\u00e9nements similaires, afin de favoriser une mise en relation efficace entre les personnes r\u00e9fugi\u00e9es et les employeurs qui recrutent.                    \n                    <\/p> -->\n\n                    <!-- New solution -->\n                    <!-- <div class=\"relative h-0 overflow-visible\">\n\n                        <p class=\"mt-6 translate-y-full group-hover:translate-y-0 transition-all line-clamp-4 text-black text-sm md:text-base font-sans leading-[23px] font-normal\">\n                            \n                            Ce guide propose un cadre de r\u00e9f\u00e9rence aux communaut\u00e9s \u00e0 travers le Canada pour organiser des \u00e9v\u00e9nements similaires, afin de favoriser une mise en relation efficace entre les personnes r\u00e9fugi\u00e9es et les employeurs qui recrutent.                        \n                        <\/p>\n                    <\/div> -->\n                                \n            <\/div>\n\n\n        <\/article>\n\n            \n                    <article class=\"post-card group relative bg-white flex flex-col rounded-[20px] overflow-hidden transition-all duration-300\"\n            role=\"link\"\n            tabindex=\"0\"\n            onclick=\"window.location='https:\/\/knowledge.wes.org\/rapport-le-fonds-a-5-ans.html'\"\n            onkeydown=\"if (event.key === 'Enter' || event.key === ' ') { event.preventDefault(); window.location='https:\/\/knowledge.wes.org\/rapport-le-fonds-a-5-ans.html'; }\"\n        >\n            \n                            <a class=\"block relative\"  tabindex=\"-1\" href=\"https:\/\/knowledge.wes.org\/rapport-le-fonds-a-5-ans.html\" title=\"Le Fonds \u00e0 5 ans : Perspectives et impact de cinq ann\u00e9es sur le terrain\">\n                    <span class=\"block aspect-[1.87\/1] *:object-cover *:w-full *:h-full *:bg-medium-gray\">\n                        <img loading=\"lazy\" decoding=\"async\" width=\"1024\" height=\"279\" src=\"https:\/\/www.wes.org\/wp-content\/uploads\/2025\/01\/wes-si-fund-at-5-report-banner-1360x270-1-1024x279.png\" class=\"attachment-large size-large wp-post-image\" alt=\"A collection of several images featuring the work of the Mariam Assefa fund\" srcset=\"https:\/\/www.wes.org\/wp-content\/uploads\/2025\/01\/wes-si-fund-at-5-report-banner-1360x270-1-1024x279.png 1024w, https:\/\/www.wes.org\/wp-content\/uploads\/2025\/01\/wes-si-fund-at-5-report-banner-1360x270-1-300x82.png 300w, https:\/\/www.wes.org\/wp-content\/uploads\/2025\/01\/wes-si-fund-at-5-report-banner-1360x270-1-768x209.png 768w, https:\/\/www.wes.org\/wp-content\/uploads\/2025\/01\/wes-si-fund-at-5-report-banner-1360x270-1.png 1360w\" sizes=\"auto, (max-width: 1024px) 100vw, 1024px\" \/>                    <\/span>\n\n                                            <div class=\"absolute top-0 left-0 h-full w-full bg-transparent transition-all duration-500\"><\/div>\n                                    <\/a>\n            \n            <div class=\"pt-[12px] px-6 pb-6 relative flex flex-col grow bg-transparent transition-all duration-500\">\n                \n                                   <span class=\"tbi-block block text-[11px] leading-4 font-sans capitalize font-semibold text-gray *:hover:text-wes-green *:transition-all\">\n                    <a tabindex=\"-1\" href=\"https:\/\/www.wes.org\/fr\/resource-library\/blog\/resource_category\/recherche-fr\/\">Recherche<\/a>                <\/span>\n                \n                <h2 class=\"card-b2 mt-1 mb-4 text-lg md:text-xl text-black font-sans font-normal\">\n\n                    <a \n                        class=\"\n                            text-black line-clamp-4\n                            \n                            hover:text-wes-green focus:text-wes-green transition-all duration-500\n                        \"\n                        tabindex=\"-1\"\n                    \n                        title=\"Le Fonds \u00e0 5 ans : Perspectives et impact de cinq ann\u00e9es sur le terrain\"\n                        \n                        href=\"https:\/\/knowledge.wes.org\/rapport-le-fonds-a-5-ans.html\"\n                    >\n                        Le Fonds \u00e0 5 ans : Perspectives et impact de cinq ann\u00e9es sur le terrain                    <\/a>\n                <\/h2>\n\n                \n                \n                     <p class=\"text-[11px] text-black font-sans\">\n                        <time>juin 3, 2025<\/time>\n\n                                            <\/p>\n\n                \n                                    <!-- <p class=\"absolute top-full left-0 m-6 line-clamp-4 text-black text-sm md:text-base font-sans leading-[23px] font-normal\">\n                        \n                        L\u2019ann\u00e9e 2024 a marqu\u00e9 le cinqui\u00e8me anniversaire du Fonds Mariam Assefa de World Education Services (WES). WES a lanc\u00e9 le Fonds en 2019 avec un financement initial de 30 millions de dollars am\u00e9ricains, dans le but d\u2019amplifier l\u2019impact de l\u2019organisation gr\u00e2ce \u00e0 des investissements strat\u00e9giques et \u00e0 une philanthropie engag\u00e9e. L\u2019objectif \u00e9tait de diriger des [&hellip;]                    \n                    <\/p> -->\n\n                    <!-- New solution -->\n                    <!-- <div class=\"relative h-0 overflow-visible\">\n\n                        <p class=\"mt-6 translate-y-full group-hover:translate-y-0 transition-all line-clamp-4 text-black text-sm md:text-base font-sans leading-[23px] font-normal\">\n                            \n                            L\u2019ann\u00e9e 2024 a marqu\u00e9 le cinqui\u00e8me anniversaire du Fonds Mariam Assefa de World Education Services (WES). WES a lanc\u00e9 le Fonds en 2019 avec un financement initial de 30 millions de dollars am\u00e9ricains, dans le but d\u2019amplifier l\u2019impact de l\u2019organisation gr\u00e2ce \u00e0 des investissements strat\u00e9giques et \u00e0 une philanthropie engag\u00e9e. L\u2019objectif \u00e9tait de diriger des [&hellip;]                        \n                        <\/p>\n                    <\/div> -->\n                                \n            <\/div>\n\n\n        <\/article>\n\n            \n                    <article class=\"post-card group relative bg-white flex flex-col rounded-[20px] overflow-hidden transition-all duration-300\"\n            role=\"link\"\n            tabindex=\"0\"\n            onclick=\"window.location='https:\/\/knowledge.wes.org\/canada-rapport-eargir-les-voies-dacces-a-la-licence-pour-les-medecins-formes-a-letranger-en-ontario.html'\"\n            onkeydown=\"if (event.key === 'Enter' || event.key === ' ') { event.preventDefault(); window.location='https:\/\/knowledge.wes.org\/canada-rapport-eargir-les-voies-dacces-a-la-licence-pour-les-medecins-formes-a-letranger-en-ontario.html'; }\"\n        >\n            \n                            <a class=\"block relative\"  tabindex=\"-1\" href=\"https:\/\/knowledge.wes.org\/canada-rapport-eargir-les-voies-dacces-a-la-licence-pour-les-medecins-formes-a-letranger-en-ontario.html\" title=\"\u00c9largir les voies d&rsquo;acc\u00e8s \u00e0 l&rsquo;autorisation d&rsquo;exercer pour les m\u00e9decins form\u00e9s \u00e0 l&rsquo;\u00e9tranger en Ontario : comment y parvenir et pourquoi c&rsquo;est important\">\n                    <span class=\"block aspect-[1.87\/1] *:object-cover *:w-full *:h-full *:bg-medium-gray\">\n                        <img loading=\"lazy\" decoding=\"async\" width=\"1024\" height=\"279\" src=\"https:\/\/www.wes.org\/wp-content\/uploads\/2024\/08\/wes-canada-report-banner-expanding-pathways-to-licensure-istock-1414091162-1024x279.jpg\" class=\"attachment-large size-large wp-post-image\" alt=\"A group of medical professionals confer around a table\" srcset=\"https:\/\/www.wes.org\/wp-content\/uploads\/2024\/08\/wes-canada-report-banner-expanding-pathways-to-licensure-istock-1414091162-1024x279.jpg 1024w, https:\/\/www.wes.org\/wp-content\/uploads\/2024\/08\/wes-canada-report-banner-expanding-pathways-to-licensure-istock-1414091162-300x82.jpg 300w, https:\/\/www.wes.org\/wp-content\/uploads\/2024\/08\/wes-canada-report-banner-expanding-pathways-to-licensure-istock-1414091162-768x209.jpg 768w, https:\/\/www.wes.org\/wp-content\/uploads\/2024\/08\/wes-canada-report-banner-expanding-pathways-to-licensure-istock-1414091162.jpg 1360w\" sizes=\"auto, (max-width: 1024px) 100vw, 1024px\" \/>                    <\/span>\n\n                                            <div class=\"absolute top-0 left-0 h-full w-full bg-transparent transition-all duration-500\"><\/div>\n                                    <\/a>\n            \n            <div class=\"pt-[12px] px-6 pb-6 relative flex flex-col grow bg-transparent transition-all duration-500\">\n                \n                                   <span class=\"tbi-block block text-[11px] leading-4 font-sans capitalize font-semibold text-gray *:hover:text-wes-green *:transition-all\">\n                    <a tabindex=\"-1\" href=\"https:\/\/www.wes.org\/fr\/resource-library\/blog\/resource_category\/recherche-fr\/\">Recherche<\/a>                <\/span>\n                \n                <h2 class=\"card-b2 mt-1 mb-4 text-lg md:text-xl text-black font-sans font-normal\">\n\n                    <a \n                        class=\"\n                            text-black line-clamp-4\n                            \n                            hover:text-wes-green focus:text-wes-green transition-all duration-500\n                        \"\n                        tabindex=\"-1\"\n                    \n                        title=\"\u00c9largir les voies d&rsquo;acc\u00e8s \u00e0 l&rsquo;autorisation d&rsquo;exercer pour les m\u00e9decins form\u00e9s \u00e0 l&rsquo;\u00e9tranger en Ontario : comment y parvenir et pourquoi c&rsquo;est important\"\n                        \n                        href=\"https:\/\/knowledge.wes.org\/canada-rapport-eargir-les-voies-dacces-a-la-licence-pour-les-medecins-formes-a-letranger-en-ontario.html\"\n                    >\n                        \u00c9largir les voies d&rsquo;acc\u00e8s \u00e0 l&rsquo;autorisation d&rsquo;exercer pour les m\u00e9decins form\u00e9s \u00e0 l&rsquo;\u00e9tranger en Ontario : comment y parvenir et pourquoi c&rsquo;est important                    <\/a>\n                <\/h2>\n\n                \n                \n                     <p class=\"text-[11px] text-black font-sans\">\n                        <time>juin 3, 2025<\/time>\n\n                                            <\/p>\n\n                \n                                    <!-- <p class=\"absolute top-full left-0 m-6 line-clamp-4 text-black text-sm md:text-base font-sans leading-[23px] font-normal\">\n                        \n                        Alors que le syst\u00e8me de sant\u00e9 de l\u2019Ontario traverse une crise majeure, les m\u00e9decins form\u00e9s \u00e0 l\u2019\u00e9tranger (MFE) sont toujours confront\u00e9s \u00e0 des barri\u00e8res syst\u00e9miques freinant leur acc\u00e8s \u00e0 l\u2019exercice. Cette note d\u2019orientation analyse les investissements n\u00e9cessaires ainsi que les b\u00e9n\u00e9fices attendus de la mise en \u0153uvre de trois mesures cl\u00e9s visant \u00e0 am\u00e9liorer l\u2019acc\u00e8s [&hellip;]                    \n                    <\/p> -->\n\n                    <!-- New solution -->\n                    <!-- <div class=\"relative h-0 overflow-visible\">\n\n                        <p class=\"mt-6 translate-y-full group-hover:translate-y-0 transition-all line-clamp-4 text-black text-sm md:text-base font-sans leading-[23px] font-normal\">\n                            \n                            Alors que le syst\u00e8me de sant\u00e9 de l\u2019Ontario traverse une crise majeure, les m\u00e9decins form\u00e9s \u00e0 l\u2019\u00e9tranger (MFE) sont toujours confront\u00e9s \u00e0 des barri\u00e8res syst\u00e9miques freinant leur acc\u00e8s \u00e0 l\u2019exercice. Cette note d\u2019orientation analyse les investissements n\u00e9cessaires ainsi que les b\u00e9n\u00e9fices attendus de la mise en \u0153uvre de trois mesures cl\u00e9s visant \u00e0 am\u00e9liorer l\u2019acc\u00e8s [&hellip;]                        \n                        <\/p>\n                    <\/div> -->\n                                \n            <\/div>\n\n\n        <\/article>\n\n            \n                    <article class=\"post-card group relative bg-white flex flex-col rounded-[20px] overflow-hidden transition-all duration-300\"\n            role=\"link\"\n            tabindex=\"0\"\n            onclick=\"window.location='https:\/\/knowledge.wes.org\/canada-rapport-ien-enquete-compter-sur-les-soins.html'\"\n            onkeydown=\"if (event.key === 'Enter' || event.key === ' ') { event.preventDefault(); window.location='https:\/\/knowledge.wes.org\/canada-rapport-ien-enquete-compter-sur-les-soins.html'; }\"\n        >\n            \n                            <a class=\"block relative\"  tabindex=\"-1\" href=\"https:\/\/knowledge.wes.org\/canada-rapport-ien-enquete-compter-sur-les-soins.html\" title=\"Compter sur les soins infirmiers : enqu\u00eate aupr\u00e8s des infirmi\u00e8res et infirmiers form\u00e9s \u00e0 l&rsquo;\u00e9tranger qui n&rsquo;exercent pas leur profession en Ontario\">\n                    <span class=\"block aspect-[1.87\/1] *:object-cover *:w-full *:h-full *:bg-medium-gray\">\n                        <img loading=\"lazy\" decoding=\"async\" width=\"268\" height=\"143\" src=\"https:\/\/www.wes.org\/wp-content\/uploads\/2024\/08\/240326_CountingOnCare_fromDrive_Minimum.png\" class=\"attachment-large size-large wp-post-image\" alt=\"A nurse helps an older woman out of a car\" \/>                    <\/span>\n\n                                            <div class=\"absolute top-0 left-0 h-full w-full bg-transparent transition-all duration-500\"><\/div>\n                                    <\/a>\n            \n            <div class=\"pt-[12px] px-6 pb-6 relative flex flex-col grow bg-transparent transition-all duration-500\">\n                \n                                   <span class=\"tbi-block block text-[11px] leading-4 font-sans capitalize font-semibold text-gray *:hover:text-wes-green *:transition-all\">\n                    <a tabindex=\"-1\" href=\"https:\/\/www.wes.org\/fr\/resource-library\/blog\/resource_category\/recherche-fr\/\">Recherche<\/a>                <\/span>\n                \n                <h2 class=\"card-b2 mt-1 mb-4 text-lg md:text-xl text-black font-sans font-normal\">\n\n                    <a \n                        class=\"\n                            text-black line-clamp-4\n                            \n                            hover:text-wes-green focus:text-wes-green transition-all duration-500\n                        \"\n                        tabindex=\"-1\"\n                    \n                        title=\"Compter sur les soins infirmiers : enqu\u00eate aupr\u00e8s des infirmi\u00e8res et infirmiers form\u00e9s \u00e0 l&rsquo;\u00e9tranger qui n&rsquo;exercent pas leur profession en Ontario\"\n                        \n                        href=\"https:\/\/knowledge.wes.org\/canada-rapport-ien-enquete-compter-sur-les-soins.html\"\n                    >\n                        Compter sur les soins infirmiers : enqu\u00eate aupr\u00e8s des infirmi\u00e8res et infirmiers form\u00e9s \u00e0 l&rsquo;\u00e9tranger qui n&rsquo;exercent pas leur profession en Ontario                    <\/a>\n                <\/h2>\n\n                \n                \n                     <p class=\"text-[11px] text-black font-sans\">\n                        <time>juin 3, 2025<\/time>\n\n                                            <\/p>\n\n                \n                                    <!-- <p class=\"absolute top-full left-0 m-6 line-clamp-4 text-black text-sm md:text-base font-sans leading-[23px] font-normal\">\n                        \n                        Le rapport Compter sur les soins infirmiers : enqu\u00eate aupr\u00e8s des infirmi\u00e8res et infirmiers form\u00e9s \u00e0 l&rsquo;\u00e9tranger qui n&rsquo;exercent pas leur profession en Ontario dresse un portrait du statut d\u2019inscription, des parcours professionnels, des situations d\u2019emploi et du niveau de mobilisation des comp\u00e9tences de plus de 750 infirmi\u00e8res et infirmiers form\u00e9s \u00e0 l\u2019\u00e9tranger r\u00e9sidant en [&hellip;]                    \n                    <\/p> -->\n\n                    <!-- New solution -->\n                    <!-- <div class=\"relative h-0 overflow-visible\">\n\n                        <p class=\"mt-6 translate-y-full group-hover:translate-y-0 transition-all line-clamp-4 text-black text-sm md:text-base font-sans leading-[23px] font-normal\">\n                            \n                            Le rapport Compter sur les soins infirmiers : enqu\u00eate aupr\u00e8s des infirmi\u00e8res et infirmiers form\u00e9s \u00e0 l&rsquo;\u00e9tranger qui n&rsquo;exercent pas leur profession en Ontario dresse un portrait du statut d\u2019inscription, des parcours professionnels, des situations d\u2019emploi et du niveau de mobilisation des comp\u00e9tences de plus de 750 infirmi\u00e8res et infirmiers form\u00e9s \u00e0 l\u2019\u00e9tranger r\u00e9sidant en [&hellip;]                        \n                        <\/p>\n                    <\/div> -->\n                                \n            <\/div>\n\n\n        <\/article>\n\n            \n                    <article class=\"post-card group relative bg-white flex flex-col rounded-[20px] overflow-hidden transition-all duration-300\"\n            role=\"link\"\n            tabindex=\"0\"\n            onclick=\"window.location='https:\/\/www.wes.org\/fr\/resource-library\/blog\/resource\/favoriser-lintegration-professionnelle-des-infirmieres-et-infirmiers-formes-a-letranger-au-canada\/'\"\n            onkeydown=\"if (event.key === 'Enter' || event.key === ' ') { event.preventDefault(); window.location='https:\/\/www.wes.org\/fr\/resource-library\/blog\/resource\/favoriser-lintegration-professionnelle-des-infirmieres-et-infirmiers-formes-a-letranger-au-canada\/'; }\"\n        >\n            \n                            <a class=\"block relative\"  tabindex=\"-1\" href=\"https:\/\/www.wes.org\/fr\/resource-library\/blog\/resource\/favoriser-lintegration-professionnelle-des-infirmieres-et-infirmiers-formes-a-letranger-au-canada\/\" title=\"Favoriser l\u2019int\u00e9gration professionnelle des infirmi\u00e8res et infirmiers form\u00e9s \u00e0 l\u2019\u00e9tranger au Canada\">\n                    <span class=\"block aspect-[1.87\/1] *:object-cover *:w-full *:h-full *:bg-medium-gray\">\n                        <img loading=\"lazy\" decoding=\"async\" width=\"1024\" height=\"279\" src=\"https:\/\/www.wes.org\/wp-content\/uploads\/2025\/02\/wes-canada-report-banner-pathways-to-practice-empowering-educated-nurses-in-canada-istock-2187305292-1024x279.jpg\" class=\"attachment-large size-large wp-post-image\" alt=\"Young man sitting in a room with medical professionals\" srcset=\"https:\/\/www.wes.org\/wp-content\/uploads\/2025\/02\/wes-canada-report-banner-pathways-to-practice-empowering-educated-nurses-in-canada-istock-2187305292-1024x279.jpg 1024w, https:\/\/www.wes.org\/wp-content\/uploads\/2025\/02\/wes-canada-report-banner-pathways-to-practice-empowering-educated-nurses-in-canada-istock-2187305292-300x82.jpg 300w, https:\/\/www.wes.org\/wp-content\/uploads\/2025\/02\/wes-canada-report-banner-pathways-to-practice-empowering-educated-nurses-in-canada-istock-2187305292-768x209.jpg 768w, https:\/\/www.wes.org\/wp-content\/uploads\/2025\/02\/wes-canada-report-banner-pathways-to-practice-empowering-educated-nurses-in-canada-istock-2187305292.jpg 1360w\" sizes=\"auto, (max-width: 1024px) 100vw, 1024px\" \/>                    <\/span>\n\n                                            <div class=\"absolute top-0 left-0 h-full w-full bg-transparent transition-all duration-500\"><\/div>\n                                    <\/a>\n            \n            <div class=\"pt-[12px] px-6 pb-6 relative flex flex-col grow bg-transparent transition-all duration-500\">\n                \n                                   <span class=\"tbi-block block text-[11px] leading-4 font-sans capitalize font-semibold text-gray *:hover:text-wes-green *:transition-all\">\n                    <a tabindex=\"-1\" href=\"https:\/\/www.wes.org\/fr\/resource-library\/blog\/resource_category\/recherche-fr\/\">Recherche<\/a>                <\/span>\n                \n                <h2 class=\"card-b2 mt-1 mb-4 text-lg md:text-xl text-black font-sans font-normal\">\n\n                    <a \n                        class=\"\n                            text-black line-clamp-4\n                            \n                            hover:text-wes-green focus:text-wes-green transition-all duration-500\n                        \"\n                        tabindex=\"-1\"\n                    \n                        title=\"Favoriser l\u2019int\u00e9gration professionnelle des infirmi\u00e8res et infirmiers form\u00e9s \u00e0 l\u2019\u00e9tranger au Canada\"\n                        \n                        href=\"https:\/\/www.wes.org\/fr\/resource-library\/blog\/resource\/favoriser-lintegration-professionnelle-des-infirmieres-et-infirmiers-formes-a-letranger-au-canada\/\"\n                    >\n                        Favoriser l\u2019int\u00e9gration professionnelle des infirmi\u00e8res et infirmiers form\u00e9s \u00e0 l\u2019\u00e9tranger au Canada                    <\/a>\n                <\/h2>\n\n                \n                \n                     <p class=\"text-[11px] text-black font-sans\">\n                        <time>juin 3, 2025<\/time>\n\n                                            <\/p>\n\n                \n                                    <!-- <p class=\"absolute top-full left-0 m-6 line-clamp-4 text-black text-sm md:text-base font-sans leading-[23px] font-normal\">\n                        \n                        Au Canada, les postes vacants en soins infirmiers ont augment\u00e9 de pr\u00e8s de 150 % au cours des cinq derni\u00e8res ann\u00e9es, et les p\u00e9nuries pourraient atteindre plus de 100 000 postes d\u2019ici 2030. Pourtant, seulement 42 % des infirmi\u00e8res et infirmiers form\u00e9s \u00e0 l\u2019\u00e9tranger (IFE) exercent dans le secteur professionnel de la sant\u00e9. Ils se [&hellip;]                    \n                    <\/p> -->\n\n                    <!-- New solution -->\n                    <!-- <div class=\"relative h-0 overflow-visible\">\n\n                        <p class=\"mt-6 translate-y-full group-hover:translate-y-0 transition-all line-clamp-4 text-black text-sm md:text-base font-sans leading-[23px] font-normal\">\n                            \n                            Au Canada, les postes vacants en soins infirmiers ont augment\u00e9 de pr\u00e8s de 150 % au cours des cinq derni\u00e8res ann\u00e9es, et les p\u00e9nuries pourraient atteindre plus de 100 000 postes d\u2019ici 2030. Pourtant, seulement 42 % des infirmi\u00e8res et infirmiers form\u00e9s \u00e0 l\u2019\u00e9tranger (IFE) exercent dans le secteur professionnel de la sant\u00e9. Ils se [&hellip;]                        \n                        <\/p>\n                    <\/div> -->\n                                \n            <\/div>\n\n\n        <\/article>\n\n            <\/div>\n\n<\/div>\n\n\n<p><\/p>\n","protected":false},"excerpt":{"rendered":"","protected":false},"author":2,"featured_media":0,"parent":49862,"menu_order":0,"comment_status":"closed","ping_status":"closed","template":"","meta":{"_acf_changed":false,"footnotes":""},"class_list":["post-49284","page","type-page","status-publish","hentry"],"better_featured_image":null,"acf":{"alert_msg":"default"},"yoast_head":"<!-- This site is optimized with the Yoast SEO Premium plugin v26.2 (Yoast SEO v27.0) - https:\/\/yoast.com\/product\/yoast-seo-premium-wordpress\/ -->\n<title>Recherches et rapports - WES<\/title>\n<meta name=\"description\" content=\"D\u00e9couvrez des travaux de recherche originaux, des rapports et des recommandations politiques sur l\u2019\u00e9ducation \u00e0 l\u2019\u00e9chelle internationale, l\u2019inclusion \u00e9conomique des nouveaux arrivants et les obstacles \u00e0 l\u2019int\u00e9gration sur le march\u00e9 du travail.\" \/>\n<meta name=\"robots\" content=\"index, follow, max-snippet:-1, max-image-preview:large, max-video-preview:-1\" \/>\n<link rel=\"canonical\" href=\"https:\/\/www.wes.org\/fr\/bibliotheque-de-ressources\/recherches-et-rapports\/\" \/>\n<meta property=\"og:locale\" content=\"fr_FR\" \/>\n<meta property=\"og:type\" content=\"article\" \/>\n<meta property=\"og:title\" content=\"Recherches et rapports\" \/>\n<meta property=\"og:description\" content=\"D\u00e9couvrez des travaux de recherche originaux, des rapports et des recommandations politiques sur l\u2019\u00e9ducation \u00e0 l\u2019\u00e9chelle internationale, l\u2019inclusion \u00e9conomique des nouveaux arrivants et les obstacles \u00e0 l\u2019int\u00e9gration sur le march\u00e9 du travail.\" \/>\n<meta property=\"og:url\" content=\"https:\/\/www.wes.org\/fr\/bibliotheque-de-ressources\/recherches-et-rapports\/\" \/>\n<meta property=\"og:site_name\" content=\"WES\" \/>\n<meta property=\"article:publisher\" content=\"https:\/\/www.facebook.com\/WorldEducationServices\/\" \/>\n<meta property=\"article:modified_time\" content=\"2025-06-02T20:10:54+00:00\" \/>\n<meta name=\"twitter:card\" content=\"summary_large_image\" \/>\n<meta name=\"twitter:site\" content=\"@WorldEdServices\" \/>\n<script type=\"application\/ld+json\" class=\"yoast-schema-graph\">{\"@context\":\"https:\/\/schema.org\",\"@graph\":[{\"@type\":\"WebPage\",\"@id\":\"https:\/\/www.wes.org\/fr\/bibliotheque-de-ressources\/recherches-et-rapports\/\",\"url\":\"https:\/\/www.wes.org\/fr\/bibliotheque-de-ressources\/recherches-et-rapports\/\",\"name\":\"Recherches et rapports - WES\",\"isPartOf\":{\"@id\":\"https:\/\/www.wes.org\/fr\/#website\"},\"datePublished\":\"2025-04-21T18:24:06+00:00\",\"dateModified\":\"2025-06-02T20:10:54+00:00\",\"description\":\"D\u00e9couvrez des travaux de recherche originaux, des rapports et des recommandations politiques sur l\u2019\u00e9ducation \u00e0 l\u2019\u00e9chelle internationale, l\u2019inclusion \u00e9conomique des nouveaux arrivants et les obstacles \u00e0 l\u2019int\u00e9gration sur le march\u00e9 du travail.\",\"breadcrumb\":{\"@id\":\"https:\/\/www.wes.org\/fr\/bibliotheque-de-ressources\/recherches-et-rapports\/#breadcrumb\"},\"inLanguage\":\"fr-FR\",\"potentialAction\":[{\"@type\":\"ReadAction\",\"target\":[\"https:\/\/www.wes.org\/fr\/bibliotheque-de-ressources\/recherches-et-rapports\/\"]}]},{\"@type\":\"BreadcrumbList\",\"@id\":\"https:\/\/www.wes.org\/fr\/bibliotheque-de-ressources\/recherches-et-rapports\/#breadcrumb\",\"itemListElement\":[{\"@type\":\"ListItem\",\"position\":1,\"name\":\"Home\",\"item\":\"https:\/\/www.wes.org\/fr\/\"},{\"@type\":\"ListItem\",\"position\":2,\"name\":\"Biblioth\u00e8que de ressources\",\"item\":\"https:\/\/www.wes.org\/fr\/bibliotheque-de-ressources\/\"},{\"@type\":\"ListItem\",\"position\":3,\"name\":\"Recherches et rapports\"}]},{\"@type\":\"WebSite\",\"@id\":\"https:\/\/www.wes.org\/fr\/#website\",\"url\":\"https:\/\/www.wes.org\/fr\/\",\"name\":\"World Education Services\",\"description\":\"\",\"publisher\":{\"@id\":\"https:\/\/www.wes.org\/fr\/#organization\"},\"potentialAction\":[{\"@type\":\"SearchAction\",\"target\":{\"@type\":\"EntryPoint\",\"urlTemplate\":\"https:\/\/www.wes.org\/fr\/?s={search_term_string}\"},\"query-input\":{\"@type\":\"PropertyValueSpecification\",\"valueRequired\":true,\"valueName\":\"search_term_string\"}}],\"inLanguage\":\"fr-FR\"},{\"@type\":\"Organization\",\"@id\":\"https:\/\/www.wes.org\/fr\/#organization\",\"name\":\"World Education Services\",\"url\":\"https:\/\/www.wes.org\/fr\/\",\"logo\":{\"@type\":\"ImageObject\",\"inLanguage\":\"fr-FR\",\"@id\":\"https:\/\/www.wes.org\/fr\/#\/schema\/logo\/image\/\",\"url\":\"https:\/\/www.wes.org\/wp-content\/uploads\/2024\/07\/cropped-cropped-WES_Logo_RGB-Primary_Green-Clearspace-e1719869905447.png\",\"contentUrl\":\"https:\/\/www.wes.org\/wp-content\/uploads\/2024\/07\/cropped-cropped-WES_Logo_RGB-Primary_Green-Clearspace-e1719869905447.png\",\"width\":512,\"height\":512,\"caption\":\"World Education Services\"},\"image\":{\"@id\":\"https:\/\/www.wes.org\/fr\/#\/schema\/logo\/image\/\"},\"sameAs\":[\"https:\/\/www.facebook.com\/WorldEducationServices\/\",\"https:\/\/x.com\/WorldEdServices\",\"https:\/\/www.linkedin.com\/company\/worldeducationservices\/\"]}]}<\/script>\n<!-- \/ Yoast SEO Premium plugin. -->","yoast_head_json":{"title":"Recherches et rapports - WES","description":"D\u00e9couvrez des travaux de recherche originaux, des rapports et des recommandations politiques sur l\u2019\u00e9ducation \u00e0 l\u2019\u00e9chelle internationale, l\u2019inclusion \u00e9conomique des nouveaux arrivants et les obstacles \u00e0 l\u2019int\u00e9gration sur le march\u00e9 du travail.","robots":{"index":"index","follow":"follow","max-snippet":"max-snippet:-1","max-image-preview":"max-image-preview:large","max-video-preview":"max-video-preview:-1"},"canonical":"https:\/\/www.wes.org\/fr\/bibliotheque-de-ressources\/recherches-et-rapports\/","og_locale":"fr_FR","og_type":"article","og_title":"Recherches et rapports","og_description":"D\u00e9couvrez des travaux de recherche originaux, des rapports et des recommandations politiques sur l\u2019\u00e9ducation \u00e0 l\u2019\u00e9chelle internationale, l\u2019inclusion \u00e9conomique des nouveaux arrivants et les obstacles \u00e0 l\u2019int\u00e9gration sur le march\u00e9 du travail.","og_url":"https:\/\/www.wes.org\/fr\/bibliotheque-de-ressources\/recherches-et-rapports\/","og_site_name":"WES","article_publisher":"https:\/\/www.facebook.com\/WorldEducationServices\/","article_modified_time":"2025-06-02T20:10:54+00:00","twitter_card":"summary_large_image","twitter_site":"@WorldEdServices","schema":{"@context":"https:\/\/schema.org","@graph":[{"@type":"WebPage","@id":"https:\/\/www.wes.org\/fr\/bibliotheque-de-ressources\/recherches-et-rapports\/","url":"https:\/\/www.wes.org\/fr\/bibliotheque-de-ressources\/recherches-et-rapports\/","name":"Recherches et rapports - WES","isPartOf":{"@id":"https:\/\/www.wes.org\/fr\/#website"},"datePublished":"2025-04-21T18:24:06+00:00","dateModified":"2025-06-02T20:10:54+00:00","description":"D\u00e9couvrez des travaux de recherche originaux, des rapports et des recommandations politiques sur l\u2019\u00e9ducation \u00e0 l\u2019\u00e9chelle internationale, l\u2019inclusion \u00e9conomique des nouveaux arrivants et les obstacles \u00e0 l\u2019int\u00e9gration sur le march\u00e9 du travail.","breadcrumb":{"@id":"https:\/\/www.wes.org\/fr\/bibliotheque-de-ressources\/recherches-et-rapports\/#breadcrumb"},"inLanguage":"fr-FR","potentialAction":[{"@type":"ReadAction","target":["https:\/\/www.wes.org\/fr\/bibliotheque-de-ressources\/recherches-et-rapports\/"]}]},{"@type":"BreadcrumbList","@id":"https:\/\/www.wes.org\/fr\/bibliotheque-de-ressources\/recherches-et-rapports\/#breadcrumb","itemListElement":[{"@type":"ListItem","position":1,"name":"Home","item":"https:\/\/www.wes.org\/fr\/"},{"@type":"ListItem","position":2,"name":"Biblioth\u00e8que de ressources","item":"https:\/\/www.wes.org\/fr\/bibliotheque-de-ressources\/"},{"@type":"ListItem","position":3,"name":"Recherches et rapports"}]},{"@type":"WebSite","@id":"https:\/\/www.wes.org\/fr\/#website","url":"https:\/\/www.wes.org\/fr\/","name":"World Education Services","description":"","publisher":{"@id":"https:\/\/www.wes.org\/fr\/#organization"},"potentialAction":[{"@type":"SearchAction","target":{"@type":"EntryPoint","urlTemplate":"https:\/\/www.wes.org\/fr\/?s={search_term_string}"},"query-input":{"@type":"PropertyValueSpecification","valueRequired":true,"valueName":"search_term_string"}}],"inLanguage":"fr-FR"},{"@type":"Organization","@id":"https:\/\/www.wes.org\/fr\/#organization","name":"World Education Services","url":"https:\/\/www.wes.org\/fr\/","logo":{"@type":"ImageObject","inLanguage":"fr-FR","@id":"https:\/\/www.wes.org\/fr\/#\/schema\/logo\/image\/","url":"https:\/\/www.wes.org\/wp-content\/uploads\/2024\/07\/cropped-cropped-WES_Logo_RGB-Primary_Green-Clearspace-e1719869905447.png","contentUrl":"https:\/\/www.wes.org\/wp-content\/uploads\/2024\/07\/cropped-cropped-WES_Logo_RGB-Primary_Green-Clearspace-e1719869905447.png","width":512,"height":512,"caption":"World Education Services"},"image":{"@id":"https:\/\/www.wes.org\/fr\/#\/schema\/logo\/image\/"},"sameAs":["https:\/\/www.facebook.com\/WorldEducationServices\/","https:\/\/x.com\/WorldEdServices","https:\/\/www.linkedin.com\/company\/worldeducationservices\/"]}]}},"wpml_current_locale":"fr_FR","wpml_translations":[{"locale":"en_US","id":3354,"post_title":"Resources, Research and Reports","href":"https:\/\/www.wes.org\/research-and-reports\/"}],"_links":{"self":[{"href":"https:\/\/www.wes.org\/fr\/wp-json\/wp\/v2\/pages\/49284","targetHints":{"allow":["GET"]}}],"collection":[{"href":"https:\/\/www.wes.org\/fr\/wp-json\/wp\/v2\/pages"}],"about":[{"href":"https:\/\/www.wes.org\/fr\/wp-json\/wp\/v2\/types\/page"}],"author":[{"embeddable":true,"href":"https:\/\/www.wes.org\/fr\/wp-json\/wp\/v2\/users\/2"}],"replies":[{"embeddable":true,"href":"https:\/\/www.wes.org\/fr\/wp-json\/wp\/v2\/comments?post=49284"}],"version-history":[{"count":0,"href":"https:\/\/www.wes.org\/fr\/wp-json\/wp\/v2\/pages\/49284\/revisions"}],"up":[{"embeddable":true,"href":"https:\/\/www.wes.org\/fr\/wp-json\/wp\/v2\/pages\/49862"}],"wp:attachment":[{"href":"https:\/\/www.wes.org\/fr\/wp-json\/wp\/v2\/media?parent=49284"}],"curies":[{"name":"wp","href":"https:\/\/api.w.org\/{rel}","templated":true}]}}