{"id":48736,"date":"2025-03-18T15:22:05","date_gmt":"2025-03-18T19:22:05","guid":{"rendered":"https:\/\/www.wes.org\/impact-social\/programmes\/programmes-du-canada\/"},"modified":"2025-05-30T12:54:01","modified_gmt":"2025-05-30T16:54:01","slug":"programmes-du-canada","status":"publish","type":"page","link":"https:\/\/www.wes.org\/fr\/impact-social\/programmes\/programmes-du-canada\/","title":{"rendered":"Programmes du Canada"},"content":{"rendered":"\n\n\n<section  class=\"sw-block alignfull lg:min-h-[620px] sm:overflow-hidden font-sans\">\n  <div>\n    <div class=\"md:flex md:items-center\">\n\n      <!-- Text Column -->\n      <div class=\"px-10 md:w-2\/5 md:order-first hero-text-left\">\n        <div>\n                      <div class=\"not-prose mt-10 md:mt-0\">\n              <h1 class=\"font-display text-black text-5xl leading-none xl:text-[68px] xl:leading-none\">Programmes du Canada<\/h1>\n            <\/div>\n          \n                      <div class=\"text-black text-lg mt-3 xl:mt-9 xl:text-[26px] xl:leading-snug xl:font-light\">\n              <p>Nos programmes visent \u00e0 combler les lacunes dans les services aux immigrants, aux r\u00e9fugi\u00e9s et aux nouveaux arrivants et \u00e0 \u00e9tablir clairement les itin\u00e9raires qui permettront \u00e0 ces personnes d\u2019obtenir de bons emplois ou de reprendre leur carri\u00e8re.<\/p>\n            <\/div>\n          \n          <!-- CTA Button -->\n                  <\/div>\n      <\/div>\n\n      <!-- Image Column -->\n              <div class=\"relative md:w-3\/5 h-[336px] md:h-[620px] not-prose md:order-last\">\n          <img loading=\"lazy\" decoding=\"async\" width=\"2560\" height=\"1707\" src=\"https:\/\/www.wes.org\/wp-content\/uploads\/2024\/07\/iStock-1094719736-scaled-e1720405000204.jpg\" class=\"h-full w-full object-cover\" alt=\"Portrait Of Woman In Hijab\" \/>\n          <div class=\"block md:hidden absolute top-0 left-0 right-0 w-full h-[72px] text-wes-green\">\n            <svg xmlns=\"http:\/\/www.w3.org\/2000\/svg\" viewBox=\"0 0 391 72.11\">\n              <path fill=\"#fff\" d=\"M391 0S219.5 113.21 0 26.22V0h391Z\"\/>\n              <path fill=\"currentColor\" d=\"M391 0v23.74s-179 104-391 7v-4.52C219.5 113.21 391 0 391 0Z\"\/>\n            <\/svg>\n          <\/div>\n\n                      <!-- If text on left -->\n            <div class=\"hidden md:block absolute top-0 bottom-0 left-0 w-[189px] h-full text-wes-green\">\n              <svg class=\"h-full\" xmlns=\"http:\/\/www.w3.org\/2000\/svg\" viewBox=\"0 0 189 575\">\n                <path fill=\"currentColor\" d=\"M0 575v-.18c2.87-1.85 6.46-4.25 10.63-7.21C68.71 526.24 239 375.33 153.33 74.49 177.49 144.51 188 207.01 189 262.44v17.09C186.4 428.52 114.52 523.95 60.18 575H0Z\"\/>\n                <path fill=\"#ffffff\" d=\"M0 574.82V0h127.9c10.21 25.79 18.63 50.61 25.43 74.49C239 375.33 68.71 526.24 10.63 567.61c-4.17 2.96-7.76 5.36-10.63 7.21Z\"\/>\n              <\/svg>\n            <\/div>\n                  <\/div>\n      \n    <\/div>\n  <\/div>\n<\/section>\n\n\n\n<div style=\"height:100px\" aria-hidden=\"true\" class=\"wp-block-spacer\"><\/div>\n\n\n\n\n\n<section  class=\"sw-block not-prose font-sans\">\n  <div class=\"mx-auto max-w-[1040px] px-5\">\n    <div class=\"text-center max-w-[926px] mx-auto\">\n      \n              <p class=\"font-sans text-black mt-6 md:text-lg md:leading-normal\">Nos \u00e9quipes travaillent en \u00e9troite collaboration avec les immigrants, les jeunes immigrants et r\u00e9fugi\u00e9s, les employeurs, les municipalit\u00e9s, les agences d\u2019\u00e9tablissement et d\u2019autres intervenants pour aider les employeurs \u00e0 combler les lacunes en mati\u00e8re d\u2019embauche et \u00e0 attribuer aux personnes des emplois qui mettent \u00e0 profit leurs comp\u00e9tences et leur formation.<\/p>\n      \n          <\/div>\n\n          <div class=\"grid\n      \n                      grid-cols-2\n          \n          gap-3.5 md:gap-8 mt-7 md:mt-14\n\n                      grid\n                  \">\n\n                  \n          <button type=\"button\" class=\"cursor-default  bg-white shadow-[0px_2px_15px_0px_rgba(0,0,0,0.10)] hover:shadow-[0px_2px_20px_0px_rgba(0,0,0,0.10)]   text-cobalt group relative rounded-[28px] md:rounded-[20px] px-2 pt-3.5 pb-5  md:pt-10 md:pb-16 \">\n            <div class=\"h-14 w-14 md:h-20 md:w-20 mx-auto flex items-center justify-center\">\n               <img decoding=\"async\" src=\"https:\/\/www.wes.org\/wp-content\/uploads\/2024\/06\/Vector-1.svg\" class=\"h-full w-full object-cover\" alt=\"Link icon\" \/>            <\/div>\n            <p class=\"text-center text-sm leading-tight md:text-base md:leading-tight mt-2.5 font-sans\">Conception, incubation et mise en \u0153uvre des programmes<\/p>\n\n\n                          <p class=\" bg-light-cobalt text-black opacity-0 group-hover:opacity-100 group-focus:opacity-100 transition-all duration-300 absolute top-0 left-0 h-full w-full flex flex-center items-center justify-center text-center text-sm leading-tight md:text-base md:leading-tight font-serif rounded-[28px] md:rounded-[20px] p-4 overflow-hidden\">\n                <span>Nous travaillons avec tout un \u00e9ventail de partenaires, dont des immigrants, des r\u00e9fugi\u00e9s et de jeunes immigrants, pour cr\u00e9er et entretenir des programmes qui favorisent l\u2019inclusion \u00e9conomique et permettent \u00e0 chacun de trouver un travail correspondant \u00e0 ses comp\u00e9tences.<\/span>\n              <\/p>\n                      <\/button>\n                  \n          <button type=\"button\" class=\"cursor-default  bg-white shadow-[0px_2px_15px_0px_rgba(0,0,0,0.10)] hover:shadow-[0px_2px_20px_0px_rgba(0,0,0,0.10)]   text-cobalt group relative rounded-[28px] md:rounded-[20px] px-2 pt-3.5 pb-5  md:pt-10 md:pb-16 \">\n            <div class=\"h-14 w-14 md:h-20 md:w-20 mx-auto flex items-center justify-center\">\n               <img decoding=\"async\" src=\"https:\/\/www.wes.org\/wp-content\/uploads\/2024\/06\/Opportunity-Icon-Default-1.svg\" class=\"h-full w-full object-cover\" alt=\"Person icon\" \/>            <\/div>\n            <p class=\"text-center text-sm leading-tight md:text-base md:leading-tight mt-2.5 font-sans\">Engagement de l\u2019employeur<\/p>\n\n\n                          <p class=\" bg-light-cobalt text-black opacity-0 group-hover:opacity-100 group-focus:opacity-100 transition-all duration-300 absolute top-0 left-0 h-full w-full flex flex-center items-center justify-center text-center text-sm leading-tight md:text-base md:leading-tight font-serif rounded-[28px] md:rounded-[20px] p-4 overflow-hidden\">\n                <span>Nous r\u00e9unissons des employeurs, des organismes communautaires et d\u2019autres intervenants pour concevoir conjointement des solutions pratiques qui permettent aux entreprises de tirer parti des comp\u00e9tences n\u00e9cessaires des immigrants et des nouveaux arrivants.<\/span>\n              <\/p>\n                      <\/button>\n              <\/div>\n\n\n\n\n          \n      <\/div>\n<\/section>\n\n\n<div style=\"height:100px\" aria-hidden=\"true\" class=\"wp-block-spacer\"><\/div>\n\n\n\n\n\n    <section  class=\"sw-block alignfull sw-floating-content-carousel relative overflow-hidden font-sans z-0 bg-cobalt text-white\">\n        <!-- Static background (Blue\/Dark Blue only) -->\n        <div class=\"hidden md:block absolute top-0 -right-1 h-full bg-cobalt text-navy -z-0\">\n            <svg class=\"h-full\" xmlns=\"http:\/\/www.w3.org\/2000\/svg\" fill=\"none\" viewBox=\"0 0 365 800\">\n                <path fill=\"currentColor\" fill-rule=\"evenodd\" d=\"M354.616 0H365v800H.352357C-5.65285 561.028 119.889 260.568 354.616 0Z\" clip-rule=\"evenodd\" \/>\n            <\/svg>\n        <\/div>\n\n        <div class=\"mx-auto max-w-[1110px] px-[45px] md:px-20 relative z-10\">\n            <div class=\"text-center text-white not-prose pt-14 md:pt-[73px]\">\n                                    <h2 class=\"font-display text-[32px] leading-tight md:leading-none md:text-5xl\">Programmes du Canada<\/h2>\n                \n                            <\/div>\n        <\/div>\n\n        <div class=\"sw-fc-layout\">\n            <!-- Navigation Buttons -->\n            <div class=\"sw-fc-nav hidden md:block\">\n                <button class=\"swiper-button-prev\" type=\"button\" aria-label=\"Previous slide\"><\/button>\n                <button class=\"swiper-button-next\" type=\"button\" aria-label=\"Next slide\"><\/button>\n            <\/div>\n\n            <!-- Swiper container -->\n            <div class=\"swiper fcSwiper mt-10 md:mt-12\">\n                <div class=\"swiper-wrapper\">\n                                        <div class=\"swiper-slide contentSection pt-10 pb-[45px] md:pt-[22px] md:pb-[80px] !h-auto\">\n                        <div class=\"mx-auto max-w-[1110px] px-[45px] md:px-20 relative z-10\">\n                            <div class=\"grid gap-5 md:grid-cols-2 lg:gap-24 items-start\">\n                                <div class=\"not-prose\">\n                                    <img loading=\"lazy\" decoding=\"async\" width=\"2031\" height=\"1365\" src=\"https:\/\/www.wes.org\/wp-content\/uploads\/2024\/06\/Canada-slider-1.jpg\" class=\"h-72 md:h-[480px] w-full object-cover object-center\" alt=\"Women speaking to each other at an Expo\" title=\"\" srcset=\"https:\/\/www.wes.org\/wp-content\/uploads\/2024\/06\/Canada-slider-1.jpg 2031w, https:\/\/www.wes.org\/wp-content\/uploads\/2024\/06\/Canada-slider-1-300x202.jpg 300w, https:\/\/www.wes.org\/wp-content\/uploads\/2024\/06\/Canada-slider-1-1024x688.jpg 1024w, https:\/\/www.wes.org\/wp-content\/uploads\/2024\/06\/Canada-slider-1-768x516.jpg 768w, https:\/\/www.wes.org\/wp-content\/uploads\/2024\/06\/Canada-slider-1-1536x1032.jpg 1536w\" sizes=\"auto, (max-width: 2031px) 100vw, 2031px\" \/>                                <\/div>\n\n                                <div class=\"text-white md:order-first\">\n                                                                            <div class=\"not-prose\">\n                                            <h2 class=\"font-medium text-[28px] leading-snug\">Solutions pour les employeurs<\/h2>\n                                        <\/div>\n                                    \n                                                                            <div class=\"font-serif mt-3 text-white\">\n                                            <p>Le Canada fait face \u00e0 des lacunes sur le march\u00e9 du travail. Trop d\u2019employeurs ne trouvent pas les talents dont ils ont besoin. Les immigrants, les \u00e9tudiants internationaux et les r\u00e9fugi\u00e9s font partie de la solution.<\/p>\n<p>Notre \u00e9quipe en charge des solutions pour les employeurs s\u2019efforce d\u2019inciter ces derniers \u00e0 contribuer \u00e0 la cr\u00e9ation de lieux de travail inclusifs, dynamiques et productifs. Nous travaillons par l\u2019interm\u00e9diaire de r\u00e9seaux locaux et nationaux, en \u00e9troite collaboration avec les employeurs, les administrations municipales et r\u00e9gionales et les organismes d\u2019aide aux immigrants et aux nouveaux arrivants pour concevoir et diffuser des solutions pratiques qui relient les employeurs et les talents dont ils ont besoin.<\/p>\n                                        <\/div>\n                                    \n                                                                            <div class=\"mt-9 not-prose\">\n                                            <a class=\"sw-primary-button inline-block rounded-[50px] px-5 pb-1.5 pt-2 text-center text-sm font-semibold leading-snug tracking-wide\" href=\"https:\/\/www.wes.org\/fr\/impact-social\/programmes\/programmes-du-canada\/employer-solutions-solutions-pour-employeurs\/\" target=\"_self\">En Savoir Plus<\/a>\n                                        <\/div>\n                                    \n                                <\/div>\n                            <\/div>\n                        <\/div>\n                    <\/div>\n                                        <div class=\"swiper-slide contentSection pt-10 pb-[45px] md:pt-[22px] md:pb-[80px] !h-auto\">\n                        <div class=\"mx-auto max-w-[1110px] px-[45px] md:px-20 relative z-10\">\n                            <div class=\"grid gap-5 md:grid-cols-2 lg:gap-24 items-start\">\n                                <div class=\"not-prose\">\n                                    <img loading=\"lazy\" decoding=\"async\" width=\"2560\" height=\"1709\" src=\"https:\/\/www.wes.org\/wp-content\/uploads\/2024\/07\/19141x11-scaled.jpg\" class=\"h-72 md:h-[480px] w-full object-cover object-center\" alt=\"Young woman smiling\" title=\"Portrait of a young woman with curly hair.\" srcset=\"https:\/\/www.wes.org\/wp-content\/uploads\/2024\/07\/19141x11-scaled.jpg 2560w, https:\/\/www.wes.org\/wp-content\/uploads\/2024\/07\/19141x11-300x200.jpg 300w, https:\/\/www.wes.org\/wp-content\/uploads\/2024\/07\/19141x11-1024x684.jpg 1024w, https:\/\/www.wes.org\/wp-content\/uploads\/2024\/07\/19141x11-768x513.jpg 768w, https:\/\/www.wes.org\/wp-content\/uploads\/2024\/07\/19141x11-1536x1025.jpg 1536w, https:\/\/www.wes.org\/wp-content\/uploads\/2024\/07\/19141x11-2048x1367.jpg 2048w, https:\/\/www.wes.org\/wp-content\/uploads\/2024\/07\/19141x11-541x362.jpg 541w\" sizes=\"auto, (max-width: 2560px) 100vw, 2560px\" \/><p class=\"wp-caption-text-white\">Portrait of a young woman with curly hair.<\/p>                                <\/div>\n\n                                <div class=\"text-white md:order-first\">\n                                                                            <div class=\"not-prose\">\n                                            <h2 class=\"font-medium text-[28px] leading-snug\">Jeunes immigrants<\/h2>\n                                        <\/div>\n                                    \n                                                                            <div class=\"font-serif mt-3 text-white\">\n                                            <p>Nos programmes pour les jeunes immigrants visent \u00e0 inciter les jeunes immigrants et r\u00e9fugi\u00e9s au Canada \u00e0 participer activement \u00e0 la cr\u00e9ation de parcours vers des emplois de qualit\u00e9 et l\u2019inclusion \u00e9conomique. Lisez notre rapport, \u00ab\u00a0Tenir la distance\u00a0: les jeunes immigrants sur le march\u00e9 du travail canadien\u00a0\u00bb (en anglais).<\/p>\n                                        <\/div>\n                                    \n                                                                            <div class=\"mt-9 not-prose\">\n                                            <a class=\"sw-primary-button inline-block rounded-[50px] px-5 pb-1.5 pt-2 text-center text-sm font-semibold leading-snug tracking-wide\" href=\"https:\/\/knowledge.wes.org\/canada-report-immigrant-youth-in-canadas-labour-market.html\" target=\"_blank\">Lisez Notre Rapport (EN)<\/a>\n                                        <\/div>\n                                    \n                                <\/div>\n                            <\/div>\n                        <\/div>\n                    <\/div>\n                                        <div class=\"swiper-slide contentSection pt-10 pb-[45px] md:pt-[22px] md:pb-[80px] !h-auto\">\n                        <div class=\"mx-auto max-w-[1110px] px-[45px] md:px-20 relative z-10\">\n                            <div class=\"grid gap-5 md:grid-cols-2 lg:gap-24 items-start\">\n                                <div class=\"not-prose\">\n                                    <img loading=\"lazy\" decoding=\"async\" width=\"554\" height=\"744\" src=\"https:\/\/www.wes.org\/wp-content\/uploads\/2024\/03\/3748_PartnershipsImage_Extended.jpeg\" class=\"h-72 md:h-[480px] w-full object-cover object-center\" alt=\"Image of WES partners\" title=\"\" srcset=\"https:\/\/www.wes.org\/wp-content\/uploads\/2024\/03\/3748_PartnershipsImage_Extended.jpeg 554w, https:\/\/www.wes.org\/wp-content\/uploads\/2024\/03\/3748_PartnershipsImage_Extended-223x300.jpeg 223w\" sizes=\"auto, (max-width: 554px) 100vw, 554px\" \/>                                <\/div>\n\n                                <div class=\"text-white md:order-first\">\n                                                                            <div class=\"not-prose\">\n                                            <h2 class=\"font-medium text-[28px] leading-snug\">Partenariats<\/h2>\n                                        <\/div>\n                                    \n                                                                            <div class=\"font-serif mt-3 text-white\">\n                                            <p>Le partenariat est au c\u0153ur de tout notre travail. Partout au Canada, nous collaborons avec des organisations communautaires, des \u00e9tablissements d\u2019enseignement, des organisations de d\u00e9veloppement de la main-d\u2019\u0153uvre et d\u2019autres groupes pour mettre en pratique la recherche et les meilleures pratiques, et promouvoir l\u2019\u00e9quit\u00e9 et l\u2019inclusion pour les immigrants et les r\u00e9fugi\u00e9s.<\/p>\n                                        <\/div>\n                                    \n                                                                            <div class=\"mt-9 not-prose\">\n                                            <a class=\"sw-primary-button inline-block rounded-[50px] px-5 pb-1.5 pt-2 text-center text-sm font-semibold leading-snug tracking-wide\" href=\"https:\/\/www.wes.org\/fr\/impact-social\/partenaires-du-canada\/\" target=\"_self\">Nos Partenaires<\/a>\n                                        <\/div>\n                                    \n                                <\/div>\n                            <\/div>\n                        <\/div>\n                    <\/div>\n                                    <\/div>\n            <\/div>\n\n            <!-- Pagination -->\n            <div class=\"sw-fc-pagination\">\n                <!-- Mobile Navigation Buttons -->\n                <div class=\"sw-fc-controls\">\n                    <button class=\"swiper-button-prev sw-fc-mobile-nav\" type=\"button\" aria-label=\"Previous slide\"><\/button>\n                    <button class=\"swiper-button-next sw-fc-mobile-nav\" type=\"button\" aria-label=\"Next slide\"><\/button>\n                <\/div>\n                <div class=\"swiper-pagination\"><\/div>\n            <\/div>\n        <\/div>\n    <\/section>\n\n\n\n<section class=\"wp-block-group alignfull wp-block-spacer has-background is-vertical is-content-justification-center is-nowrap is-layout-flex wp-container-core-group-is-layout-54be60bd wp-block-group-is-layout-flex\" id=\"si-ca-contactus\" style=\"background-color:#e9f5fe\">\n<div style=\"height:100px;width:0px\" aria-hidden=\"true\" class=\"wp-block-spacer wp-container-content-c0740251\"><\/div>\n\n\n\n<h2 class=\"wp-block-heading\" id=\"h-faisons-connaissance\">Faisons connaissance<\/h2>\n\n\n\n<p class=\"has-text-align-center hide-success-mktoForm_8992\">Vous souhaitez en savoir plus sur nos programmes d\u2019impact social ou sur les possibilit\u00e9s de partenariat avec WES&nbsp;? Remplissez le formulaire ci-dessous.<\/p>\n\n\n\n\n\n<!-- Note: calc is to calculate the headerHeight + padding that was already there. -->\n<script src=\"\/\/knowledge.wes.org\/js\/forms2\/js\/forms2.min.js\"><\/script>\n<section  class=\"sw-block sw-marketo-embed\">\n\n    \n        \n            \n            <form id=\"mktoForm_9196\"><\/form>\n            <div id=\"thank-you-message_9196\" style=\"visibility: hidden;\"><p>Merci de nous avoir contact\u00e9s. Nous vous r\u00e9pondrons dans les plus brefs d\u00e9lais.<\/p><\/div>\n\n        \n    \n\n\n    <div>\n        \n        <script>MktoForms2.loadForm(\"\/\/knowledge.wes.org\", \"317-CTM-316\", 9196, function(form) {\n                \/\/Add an onSuccess handler\n                form.onSuccess(function(values, followUpUrl) {\n                    \/\/get the form's jQuery element and hide it.\n                    form.getFormElem().hide();\n                    jQuery('.hide-on-success-mktoForm_9196').slideUp(200);\n                    document.getElementById('thank-you-message_9196').style.visibility = 'visible';\n\n                    \/\/return false to prevent the submission handler from taking the lead to the follow up url.\n                    return false;\n                });\n            });\n        <\/script>\n        \n    <\/div>\n\n<\/section>\n\n\n<div style=\"height:100px;width:0px\" aria-hidden=\"true\" class=\"wp-block-spacer wp-container-content-c0740251\"><\/div>\n<\/section>\n","protected":false},"excerpt":{"rendered":"<p>Faisons connaissance Vous souhaitez en savoir plus sur nos programmes d\u2019impact social ou sur les possibilit\u00e9s de partenariat avec WES&nbsp;? Remplissez le formulaire ci-dessous.<\/p>\n","protected":false},"author":1090,"featured_media":0,"parent":48735,"menu_order":0,"comment_status":"closed","ping_status":"closed","template":"","meta":{"_acf_changed":false,"footnotes":""},"class_list":["post-48736","page","type-page","status-publish","hentry"],"better_featured_image":null,"acf":{"alert_msg":"default"},"yoast_head":"<!-- This site is optimized with the Yoast SEO Premium plugin v26.2 (Yoast SEO v27.0) - https:\/\/yoast.com\/product\/yoast-seo-premium-wordpress\/ -->\n<title>Programmes du Canada - WES<\/title>\n<meta name=\"robots\" content=\"index, follow, max-snippet:-1, max-image-preview:large, max-video-preview:-1\" \/>\n<link rel=\"canonical\" href=\"https:\/\/www.wes.org\/fr\/impact-social\/programmes\/programmes-du-canada\/\" \/>\n<meta property=\"og:locale\" content=\"fr_FR\" \/>\n<meta property=\"og:type\" content=\"article\" \/>\n<meta property=\"og:title\" content=\"Programmes du Canada\" \/>\n<meta property=\"og:description\" content=\"Faisons connaissance Vous souhaitez en savoir plus sur nos programmes d\u2019impact social ou sur les possibilit\u00e9s de partenariat avec WES&nbsp;? Remplissez le formulaire ci-dessous.\" \/>\n<meta property=\"og:url\" content=\"https:\/\/www.wes.org\/fr\/impact-social\/programmes\/programmes-du-canada\/\" \/>\n<meta property=\"og:site_name\" content=\"WES\" \/>\n<meta property=\"article:publisher\" content=\"https:\/\/www.facebook.com\/WorldEducationServices\/\" \/>\n<meta property=\"article:modified_time\" content=\"2025-05-30T16:54:01+00:00\" \/>\n<meta name=\"twitter:card\" content=\"summary_large_image\" \/>\n<meta name=\"twitter:site\" content=\"@WorldEdServices\" \/>\n<meta name=\"twitter:label1\" content=\"Dur\u00e9e de lecture estim\u00e9e\" \/>\n\t<meta name=\"twitter:data1\" content=\"1 minute\" \/>\n<script type=\"application\/ld+json\" class=\"yoast-schema-graph\">{\"@context\":\"https:\/\/schema.org\",\"@graph\":[{\"@type\":\"WebPage\",\"@id\":\"https:\/\/www.wes.org\/fr\/impact-social\/programmes\/programmes-du-canada\/\",\"url\":\"https:\/\/www.wes.org\/fr\/impact-social\/programmes\/programmes-du-canada\/\",\"name\":\"Programmes du Canada - WES\",\"isPartOf\":{\"@id\":\"https:\/\/www.wes.org\/fr\/#website\"},\"datePublished\":\"2025-03-18T19:22:05+00:00\",\"dateModified\":\"2025-05-30T16:54:01+00:00\",\"breadcrumb\":{\"@id\":\"https:\/\/www.wes.org\/fr\/impact-social\/programmes\/programmes-du-canada\/#breadcrumb\"},\"inLanguage\":\"fr-FR\",\"potentialAction\":[{\"@type\":\"ReadAction\",\"target\":[\"https:\/\/www.wes.org\/fr\/impact-social\/programmes\/programmes-du-canada\/\"]}]},{\"@type\":\"BreadcrumbList\",\"@id\":\"https:\/\/www.wes.org\/fr\/impact-social\/programmes\/programmes-du-canada\/#breadcrumb\",\"itemListElement\":[{\"@type\":\"ListItem\",\"position\":1,\"name\":\"Home\",\"item\":\"https:\/\/www.wes.org\/fr\/\"},{\"@type\":\"ListItem\",\"position\":2,\"name\":\"Impact Social\",\"item\":\"https:\/\/www.wes.org\/fr\/impact-social\/\"},{\"@type\":\"ListItem\",\"position\":3,\"name\":\"Programmes\",\"item\":\"https:\/\/www.wes.org\/fr\/impact-social\/programmes\/\"},{\"@type\":\"ListItem\",\"position\":4,\"name\":\"Programmes du Canada\"}]},{\"@type\":\"WebSite\",\"@id\":\"https:\/\/www.wes.org\/fr\/#website\",\"url\":\"https:\/\/www.wes.org\/fr\/\",\"name\":\"World Education Services\",\"description\":\"\",\"publisher\":{\"@id\":\"https:\/\/www.wes.org\/fr\/#organization\"},\"potentialAction\":[{\"@type\":\"SearchAction\",\"target\":{\"@type\":\"EntryPoint\",\"urlTemplate\":\"https:\/\/www.wes.org\/fr\/?s={search_term_string}\"},\"query-input\":{\"@type\":\"PropertyValueSpecification\",\"valueRequired\":true,\"valueName\":\"search_term_string\"}}],\"inLanguage\":\"fr-FR\"},{\"@type\":\"Organization\",\"@id\":\"https:\/\/www.wes.org\/fr\/#organization\",\"name\":\"World Education Services\",\"url\":\"https:\/\/www.wes.org\/fr\/\",\"logo\":{\"@type\":\"ImageObject\",\"inLanguage\":\"fr-FR\",\"@id\":\"https:\/\/www.wes.org\/fr\/#\/schema\/logo\/image\/\",\"url\":\"https:\/\/www.wes.org\/wp-content\/uploads\/2024\/07\/cropped-cropped-WES_Logo_RGB-Primary_Green-Clearspace-e1719869905447.png\",\"contentUrl\":\"https:\/\/www.wes.org\/wp-content\/uploads\/2024\/07\/cropped-cropped-WES_Logo_RGB-Primary_Green-Clearspace-e1719869905447.png\",\"width\":512,\"height\":512,\"caption\":\"World Education Services\"},\"image\":{\"@id\":\"https:\/\/www.wes.org\/fr\/#\/schema\/logo\/image\/\"},\"sameAs\":[\"https:\/\/www.facebook.com\/WorldEducationServices\/\",\"https:\/\/x.com\/WorldEdServices\",\"https:\/\/www.linkedin.com\/company\/worldeducationservices\/\"]}]}<\/script>\n<!-- \/ Yoast SEO Premium plugin. -->","yoast_head_json":{"title":"Programmes du Canada - WES","robots":{"index":"index","follow":"follow","max-snippet":"max-snippet:-1","max-image-preview":"max-image-preview:large","max-video-preview":"max-video-preview:-1"},"canonical":"https:\/\/www.wes.org\/fr\/impact-social\/programmes\/programmes-du-canada\/","og_locale":"fr_FR","og_type":"article","og_title":"Programmes du Canada","og_description":"Faisons connaissance Vous souhaitez en savoir plus sur nos programmes d\u2019impact social ou sur les possibilit\u00e9s de partenariat avec WES&nbsp;? Remplissez le formulaire ci-dessous.","og_url":"https:\/\/www.wes.org\/fr\/impact-social\/programmes\/programmes-du-canada\/","og_site_name":"WES","article_publisher":"https:\/\/www.facebook.com\/WorldEducationServices\/","article_modified_time":"2025-05-30T16:54:01+00:00","twitter_card":"summary_large_image","twitter_site":"@WorldEdServices","twitter_misc":{"Dur\u00e9e de lecture estim\u00e9e":"1 minute"},"schema":{"@context":"https:\/\/schema.org","@graph":[{"@type":"WebPage","@id":"https:\/\/www.wes.org\/fr\/impact-social\/programmes\/programmes-du-canada\/","url":"https:\/\/www.wes.org\/fr\/impact-social\/programmes\/programmes-du-canada\/","name":"Programmes du Canada - WES","isPartOf":{"@id":"https:\/\/www.wes.org\/fr\/#website"},"datePublished":"2025-03-18T19:22:05+00:00","dateModified":"2025-05-30T16:54:01+00:00","breadcrumb":{"@id":"https:\/\/www.wes.org\/fr\/impact-social\/programmes\/programmes-du-canada\/#breadcrumb"},"inLanguage":"fr-FR","potentialAction":[{"@type":"ReadAction","target":["https:\/\/www.wes.org\/fr\/impact-social\/programmes\/programmes-du-canada\/"]}]},{"@type":"BreadcrumbList","@id":"https:\/\/www.wes.org\/fr\/impact-social\/programmes\/programmes-du-canada\/#breadcrumb","itemListElement":[{"@type":"ListItem","position":1,"name":"Home","item":"https:\/\/www.wes.org\/fr\/"},{"@type":"ListItem","position":2,"name":"Impact Social","item":"https:\/\/www.wes.org\/fr\/impact-social\/"},{"@type":"ListItem","position":3,"name":"Programmes","item":"https:\/\/www.wes.org\/fr\/impact-social\/programmes\/"},{"@type":"ListItem","position":4,"name":"Programmes du Canada"}]},{"@type":"WebSite","@id":"https:\/\/www.wes.org\/fr\/#website","url":"https:\/\/www.wes.org\/fr\/","name":"World Education Services","description":"","publisher":{"@id":"https:\/\/www.wes.org\/fr\/#organization"},"potentialAction":[{"@type":"SearchAction","target":{"@type":"EntryPoint","urlTemplate":"https:\/\/www.wes.org\/fr\/?s={search_term_string}"},"query-input":{"@type":"PropertyValueSpecification","valueRequired":true,"valueName":"search_term_string"}}],"inLanguage":"fr-FR"},{"@type":"Organization","@id":"https:\/\/www.wes.org\/fr\/#organization","name":"World Education Services","url":"https:\/\/www.wes.org\/fr\/","logo":{"@type":"ImageObject","inLanguage":"fr-FR","@id":"https:\/\/www.wes.org\/fr\/#\/schema\/logo\/image\/","url":"https:\/\/www.wes.org\/wp-content\/uploads\/2024\/07\/cropped-cropped-WES_Logo_RGB-Primary_Green-Clearspace-e1719869905447.png","contentUrl":"https:\/\/www.wes.org\/wp-content\/uploads\/2024\/07\/cropped-cropped-WES_Logo_RGB-Primary_Green-Clearspace-e1719869905447.png","width":512,"height":512,"caption":"World Education Services"},"image":{"@id":"https:\/\/www.wes.org\/fr\/#\/schema\/logo\/image\/"},"sameAs":["https:\/\/www.facebook.com\/WorldEducationServices\/","https:\/\/x.com\/WorldEdServices","https:\/\/www.linkedin.com\/company\/worldeducationservices\/"]}]}},"wpml_current_locale":"fr_FR","wpml_translations":[{"locale":"en_US","id":42499,"post_title":"Social Impact - Canada Programs","href":"https:\/\/www.wes.org\/canada-programs\/"}],"_links":{"self":[{"href":"https:\/\/www.wes.org\/fr\/wp-json\/wp\/v2\/pages\/48736","targetHints":{"allow":["GET"]}}],"collection":[{"href":"https:\/\/www.wes.org\/fr\/wp-json\/wp\/v2\/pages"}],"about":[{"href":"https:\/\/www.wes.org\/fr\/wp-json\/wp\/v2\/types\/page"}],"author":[{"embeddable":true,"href":"https:\/\/www.wes.org\/fr\/wp-json\/wp\/v2\/users\/1090"}],"replies":[{"embeddable":true,"href":"https:\/\/www.wes.org\/fr\/wp-json\/wp\/v2\/comments?post=48736"}],"version-history":[{"count":0,"href":"https:\/\/www.wes.org\/fr\/wp-json\/wp\/v2\/pages\/48736\/revisions"}],"up":[{"embeddable":true,"href":"https:\/\/www.wes.org\/fr\/wp-json\/wp\/v2\/pages\/48735"}],"wp:attachment":[{"href":"https:\/\/www.wes.org\/fr\/wp-json\/wp\/v2\/media?parent=48736"}],"curies":[{"name":"wp","href":"https:\/\/api.w.org\/{rel}","templated":true}]}}