{"id":54981,"date":"2026-03-13T11:30:02","date_gmt":"2026-03-13T15:30:02","guid":{"rendered":"https:\/\/www.wes.org\/?post_type=wes_fund_grantees&#038;p=54981"},"modified":"2026-03-13T11:30:06","modified_gmt":"2026-03-13T15:30:06","slug":"voix-des-refugies-et-des-immigrants-en-action","status":"publish","type":"wes_fund_grantees","link":"https:\/\/www.wes.org\/fr\/resource-library\/blog\/fund\/grantee\/voix-des-refugies-et-des-immigrants-en-action\/","title":{"rendered":"Voix des r\u00e9fugi\u00e9s et des immigrants en action"},"content":{"rendered":"","protected":false},"featured_media":0,"template":"","grant_category":[],"class_list":["post-54981","wes_fund_grantees","type-wes_fund_grantees","status-publish","hentry"],"better_featured_image":null,"acf":{"article_image":false,"slider_image":false,"grant_category":"","grant_amount":"","grant_term":"","grant_focus":"","status":"current","logo":false,"attributes":"default","attr_location":"Des Moines, Iowa","attr_organization":"<p><strong>Subvention \u2013 Soutien op\u00e9rationnel g\u00e9n\u00e9ral<\/strong><\/p>\n<p>Refugee &amp;amp; Immigrant Voices in Action (RIVA) fait progresser la vie des immigrants et des r\u00e9fugi\u00e9s gr\u00e2ce \u00e0 l\u2019action collaborative, au plaidoyer et au d\u00e9veloppement du leadership. RIVA imagine un Iowa o\u00f9 les immigrants et r\u00e9fugi\u00e9s sont vus et respect\u00e9s comme les acteurs principaux de leurs communaut\u00e9s et disposent des ressources et de l\u2019expertise n\u00e9cessaires pour soutenir leurs pairs dans une vie saine, productive et significative.<br \/>\nRIVA travaille avec les immigrants, les r\u00e9fugi\u00e9s et les migrants en Iowa pour faciliter l\u2019acc\u00e8s imm\u00e9diat aux services, soutenir le changement syst\u00e9mique en faisant progresser le leadership des d\u00e9fenseurs des immigr\u00e9s, renforcer les organisations dirig\u00e9es par la communaut\u00e9 et construire des relations de confiance et de solidarit\u00e9.<\/p>\n","attr_website":"https:\/\/www.rivaiowa.org\/","attr_amount":"100 000 $","attr_issue_area":"","attr_term":"01\/10\/2024"},"yoast_head":"<!-- This site is optimized with the Yoast SEO Premium plugin v26.2 (Yoast SEO v27.5) - https:\/\/yoast.com\/product\/yoast-seo-premium-wordpress\/ -->\n<title>Voix des r\u00e9fugi\u00e9s et des immigrants en action - WES<\/title>\n<meta name=\"robots\" content=\"index, follow, max-snippet:-1, max-image-preview:large, max-video-preview:-1\" \/>\n<link rel=\"canonical\" href=\"https:\/\/www.wes.org\/fr\/resource-library\/blog\/fund\/grantee\/voix-des-refugies-et-des-immigrants-en-action\/\" \/>\n<meta property=\"og:locale\" content=\"fr_FR\" \/>\n<meta property=\"og:type\" content=\"article\" \/>\n<meta property=\"og:title\" content=\"Voix des r\u00e9fugi\u00e9s et des immigrants en action\" \/>\n<meta property=\"og:url\" content=\"https:\/\/www.wes.org\/fr\/resource-library\/blog\/fund\/grantee\/voix-des-refugies-et-des-immigrants-en-action\/\" \/>\n<meta property=\"og:site_name\" content=\"WES\" \/>\n<meta property=\"article:publisher\" content=\"https:\/\/www.facebook.com\/WorldEducationServices\/\" \/>\n<meta property=\"article:modified_time\" content=\"2026-03-13T15:30:06+00:00\" \/>\n<meta name=\"twitter:card\" content=\"summary_large_image\" \/>\n<meta name=\"twitter:site\" content=\"@WorldEdServices\" \/>\n<script type=\"application\/ld+json\" class=\"yoast-schema-graph\">{\"@context\":\"https:\\\/\\\/schema.org\",\"@graph\":[{\"@type\":\"WebPage\",\"@id\":\"https:\\\/\\\/www.wes.org\\\/fr\\\/resource-library\\\/blog\\\/fund\\\/grantee\\\/voix-des-refugies-et-des-immigrants-en-action\\\/\",\"url\":\"https:\\\/\\\/www.wes.org\\\/fr\\\/resource-library\\\/blog\\\/fund\\\/grantee\\\/voix-des-refugies-et-des-immigrants-en-action\\\/\",\"name\":\"Voix des r\u00e9fugi\u00e9s et des immigrants en action - WES\",\"isPartOf\":{\"@id\":\"https:\\\/\\\/www.wes.org\\\/fr\\\/#website\"},\"datePublished\":\"2026-03-13T15:30:02+00:00\",\"dateModified\":\"2026-03-13T15:30:06+00:00\",\"breadcrumb\":{\"@id\":\"https:\\\/\\\/www.wes.org\\\/fr\\\/resource-library\\\/blog\\\/fund\\\/grantee\\\/voix-des-refugies-et-des-immigrants-en-action\\\/#breadcrumb\"},\"inLanguage\":\"fr-FR\",\"potentialAction\":[{\"@type\":\"ReadAction\",\"target\":[\"https:\\\/\\\/www.wes.org\\\/fr\\\/resource-library\\\/blog\\\/fund\\\/grantee\\\/voix-des-refugies-et-des-immigrants-en-action\\\/\"]}]},{\"@type\":\"BreadcrumbList\",\"@id\":\"https:\\\/\\\/www.wes.org\\\/fr\\\/resource-library\\\/blog\\\/fund\\\/grantee\\\/voix-des-refugies-et-des-immigrants-en-action\\\/#breadcrumb\",\"itemListElement\":[{\"@type\":\"ListItem\",\"position\":1,\"name\":\"Home\",\"item\":\"https:\\\/\\\/www.wes.org\\\/fr\\\/\"},{\"@type\":\"ListItem\",\"position\":2,\"name\":\"Voix des r\u00e9fugi\u00e9s et des immigrants en action\"}]},{\"@type\":\"WebSite\",\"@id\":\"https:\\\/\\\/www.wes.org\\\/fr\\\/#website\",\"url\":\"https:\\\/\\\/www.wes.org\\\/fr\\\/\",\"name\":\"World Education Services\",\"description\":\"\",\"publisher\":{\"@id\":\"https:\\\/\\\/www.wes.org\\\/fr\\\/#organization\"},\"potentialAction\":[{\"@type\":\"SearchAction\",\"target\":{\"@type\":\"EntryPoint\",\"urlTemplate\":\"https:\\\/\\\/www.wes.org\\\/fr\\\/?s={search_term_string}\"},\"query-input\":{\"@type\":\"PropertyValueSpecification\",\"valueRequired\":true,\"valueName\":\"search_term_string\"}}],\"inLanguage\":\"fr-FR\"},{\"@type\":\"Organization\",\"@id\":\"https:\\\/\\\/www.wes.org\\\/fr\\\/#organization\",\"name\":\"World Education Services\",\"url\":\"https:\\\/\\\/www.wes.org\\\/fr\\\/\",\"logo\":{\"@type\":\"ImageObject\",\"inLanguage\":\"fr-FR\",\"@id\":\"https:\\\/\\\/www.wes.org\\\/fr\\\/#\\\/schema\\\/logo\\\/image\\\/\",\"url\":\"https:\\\/\\\/www.wes.org\\\/wp-content\\\/uploads\\\/2024\\\/07\\\/cropped-cropped-WES_Logo_RGB-Primary_Green-Clearspace-e1719869905447.png\",\"contentUrl\":\"https:\\\/\\\/www.wes.org\\\/wp-content\\\/uploads\\\/2024\\\/07\\\/cropped-cropped-WES_Logo_RGB-Primary_Green-Clearspace-e1719869905447.png\",\"width\":512,\"height\":512,\"caption\":\"World Education Services\"},\"image\":{\"@id\":\"https:\\\/\\\/www.wes.org\\\/fr\\\/#\\\/schema\\\/logo\\\/image\\\/\"},\"sameAs\":[\"https:\\\/\\\/www.facebook.com\\\/WorldEducationServices\\\/\",\"https:\\\/\\\/x.com\\\/WorldEdServices\",\"https:\\\/\\\/www.linkedin.com\\\/company\\\/worldeducationservices\\\/\"]}]}<\/script>\n<!-- \/ Yoast SEO Premium plugin. -->","yoast_head_json":{"title":"Voix des r\u00e9fugi\u00e9s et des immigrants en action - WES","robots":{"index":"index","follow":"follow","max-snippet":"max-snippet:-1","max-image-preview":"max-image-preview:large","max-video-preview":"max-video-preview:-1"},"canonical":"https:\/\/www.wes.org\/fr\/resource-library\/blog\/fund\/grantee\/voix-des-refugies-et-des-immigrants-en-action\/","og_locale":"fr_FR","og_type":"article","og_title":"Voix des r\u00e9fugi\u00e9s et des immigrants en action","og_url":"https:\/\/www.wes.org\/fr\/resource-library\/blog\/fund\/grantee\/voix-des-refugies-et-des-immigrants-en-action\/","og_site_name":"WES","article_publisher":"https:\/\/www.facebook.com\/WorldEducationServices\/","article_modified_time":"2026-03-13T15:30:06+00:00","twitter_card":"summary_large_image","twitter_site":"@WorldEdServices","schema":{"@context":"https:\/\/schema.org","@graph":[{"@type":"WebPage","@id":"https:\/\/www.wes.org\/fr\/resource-library\/blog\/fund\/grantee\/voix-des-refugies-et-des-immigrants-en-action\/","url":"https:\/\/www.wes.org\/fr\/resource-library\/blog\/fund\/grantee\/voix-des-refugies-et-des-immigrants-en-action\/","name":"Voix des r\u00e9fugi\u00e9s et des immigrants en action - WES","isPartOf":{"@id":"https:\/\/www.wes.org\/fr\/#website"},"datePublished":"2026-03-13T15:30:02+00:00","dateModified":"2026-03-13T15:30:06+00:00","breadcrumb":{"@id":"https:\/\/www.wes.org\/fr\/resource-library\/blog\/fund\/grantee\/voix-des-refugies-et-des-immigrants-en-action\/#breadcrumb"},"inLanguage":"fr-FR","potentialAction":[{"@type":"ReadAction","target":["https:\/\/www.wes.org\/fr\/resource-library\/blog\/fund\/grantee\/voix-des-refugies-et-des-immigrants-en-action\/"]}]},{"@type":"BreadcrumbList","@id":"https:\/\/www.wes.org\/fr\/resource-library\/blog\/fund\/grantee\/voix-des-refugies-et-des-immigrants-en-action\/#breadcrumb","itemListElement":[{"@type":"ListItem","position":1,"name":"Home","item":"https:\/\/www.wes.org\/fr\/"},{"@type":"ListItem","position":2,"name":"Voix des r\u00e9fugi\u00e9s et des immigrants en action"}]},{"@type":"WebSite","@id":"https:\/\/www.wes.org\/fr\/#website","url":"https:\/\/www.wes.org\/fr\/","name":"World Education Services","description":"","publisher":{"@id":"https:\/\/www.wes.org\/fr\/#organization"},"potentialAction":[{"@type":"SearchAction","target":{"@type":"EntryPoint","urlTemplate":"https:\/\/www.wes.org\/fr\/?s={search_term_string}"},"query-input":{"@type":"PropertyValueSpecification","valueRequired":true,"valueName":"search_term_string"}}],"inLanguage":"fr-FR"},{"@type":"Organization","@id":"https:\/\/www.wes.org\/fr\/#organization","name":"World Education Services","url":"https:\/\/www.wes.org\/fr\/","logo":{"@type":"ImageObject","inLanguage":"fr-FR","@id":"https:\/\/www.wes.org\/fr\/#\/schema\/logo\/image\/","url":"https:\/\/www.wes.org\/wp-content\/uploads\/2024\/07\/cropped-cropped-WES_Logo_RGB-Primary_Green-Clearspace-e1719869905447.png","contentUrl":"https:\/\/www.wes.org\/wp-content\/uploads\/2024\/07\/cropped-cropped-WES_Logo_RGB-Primary_Green-Clearspace-e1719869905447.png","width":512,"height":512,"caption":"World Education Services"},"image":{"@id":"https:\/\/www.wes.org\/fr\/#\/schema\/logo\/image\/"},"sameAs":["https:\/\/www.facebook.com\/WorldEducationServices\/","https:\/\/x.com\/WorldEdServices","https:\/\/www.linkedin.com\/company\/worldeducationservices\/"]}]}},"wpml_current_locale":"fr_FR","wpml_translations":[],"_links":{"self":[{"href":"https:\/\/www.wes.org\/fr\/wp-json\/wp\/v2\/fund\/54981","targetHints":{"allow":["GET"]}}],"collection":[{"href":"https:\/\/www.wes.org\/fr\/wp-json\/wp\/v2\/fund"}],"about":[{"href":"https:\/\/www.wes.org\/fr\/wp-json\/wp\/v2\/types\/wes_fund_grantees"}],"wp:attachment":[{"href":"https:\/\/www.wes.org\/fr\/wp-json\/wp\/v2\/media?parent=54981"}],"wp:term":[{"taxonomy":"grant_category","embeddable":true,"href":"https:\/\/www.wes.org\/fr\/wp-json\/wp\/v2\/grant_category?post=54981"}],"curies":[{"name":"wp","href":"https:\/\/api.w.org\/{rel}","templated":true}]}}